{"id":118,"date":"2020-09-08T15:37:39","date_gmt":"2020-09-08T12:37:39","guid":{"rendered":"http:\/\/ihea.net.tr\/portal\/?page_id=118"},"modified":"2020-09-09T10:01:09","modified_gmt":"2020-09-09T07:01:09","slug":"anasayfa","status":"publish","type":"page","link":"https:\/\/ihea.net.tr\/portal\/","title":{"rendered":"ANASAYFA"},"content":{"rendered":"<div id=\"tdi_1_f73\" class=\"tdc-row\"><div class=\"vc_row tdi_2_996  wpb_row td-pb-row\" >\n<style scoped>\n\n\/* custom css *\/\n.tdi_2_996{\r\n                    min-height: 0;\r\n                }.tdi_2_996,\r\n\t\t\t\t.tdi_2_996 .tdc-columns{\r\n\t\t\t\t    display: block;\r\n\t\t\t\t}.tdi_2_996 .tdc-columns{\r\n\t\t\t\t    width: 100%;\r\n\t\t\t\t}\n<\/style><div class=\"vc_column tdi_4_b00  wpb_column vc_column_container tdc-column td-pb-span12\">\n<style scoped>\n\n\/* custom css *\/\n.tdi_4_b00{\r\n                    vertical-align: baseline;\r\n                }.tdi_4_b00 .wpb_wrapper,\r\n\t\t\t\t.tdi_4_b00 .wpb_wrapper .tdc-elements{\r\n\t\t\t\t    display: block;\r\n\t\t\t\t}.tdi_4_b00 .wpb_wrapper .tdc-elements{\r\n\t\t\t\t    width: 100%;\r\n\t\t\t\t}.tdi_4_b00 .wpb_wrapper{\r\n\t\t\t\t    height: auto;\r\n\t\t\t\t}\n<\/style><div class=\"wpb_wrapper\">[vc_column_text]\r\n<p style=\"text-align: center;\"><strong><a class=\"maxbutton-1 maxbutton maxbutton-amaclarimiz\" href=\"http:\/\/ihea.net.tr\/portal\/2020\/09\/08\/amaclar\/\"><span class='mb-text'>AMA\u00c7LARIMIZ<\/span><\/a> \u00a0<a class=\"maxbutton-2 maxbutton maxbutton-uyeler\" href=\"http:\/\/ihea.net.tr\/portal\/2020\/09\/08\/uyeler\/\"><span class='mb-text'>\u0130HEA \u00dcYELER<\/span><\/a> \u00a0<a class=\"maxbutton-3 maxbutton maxbutton-etk-nl-ker\" href=\"http:\/\/ihea.net.tr\/portal\/category\/etkinlikler\/\"><span class='mb-text'>ETK\u0130NL\u0130KER<\/span><\/a> \u00a0<a class=\"maxbutton-4 maxbutton maxbutton-yayinlar\" href=\"http:\/\/ihea.net.tr\/portal\/category\/ihea-yayinlar\/\"><span class='mb-text'>YAYINLAR<\/span><\/a><\/strong><\/p>\r\n[\/vc_column_text]<\/div><\/div><\/div><\/div><div id=\"tdi_5_c36\" class=\"tdc-row\"><div class=\"vc_row tdi_6_088  wpb_row td-pb-row\" >\n<style scoped>\n\n\/* custom css *\/\n.tdi_6_088{\r\n                    min-height: 0;\r\n                }.tdi_6_088,\r\n\t\t\t\t.tdi_6_088 .tdc-columns{\r\n\t\t\t\t    display: block;\r\n\t\t\t\t}.tdi_6_088 .tdc-columns{\r\n\t\t\t\t    width: 100%;\r\n\t\t\t\t}\n<\/style><div class=\"vc_column vc_custom_1599601556401 tdi_8_ddd  wpb_column vc_column_container tdc-column td-pb-span6\">\n<style scoped>\n\n\/* tdc_composer_block - inline css att *\/\n.vc_custom_1599601556401{background-color: #dce2e2 !important;}\n\/* custom css *\/\n.tdi_8_ddd{\r\n                    vertical-align: baseline;\r\n                }.tdi_8_ddd .wpb_wrapper,\r\n\t\t\t\t.tdi_8_ddd .wpb_wrapper .tdc-elements{\r\n\t\t\t\t    display: block;\r\n\t\t\t\t}.tdi_8_ddd .wpb_wrapper .tdc-elements{\r\n\t\t\t\t    width: 100%;\r\n\t\t\t\t}.tdi_8_ddd .wpb_wrapper{\r\n\t\t\t\t    height: auto;\r\n\t\t\t\t}\n<\/style><div class=\"wpb_wrapper\">[vc_custom_heading text=&#8221;HAKKIMIZDA&#8221; font_container=&#8221;tag:h2|font_size:16|text_align:center|color:%23ffffff&#8221; use_theme_fonts=&#8221;yes&#8221; css=&#8221;.vc_custom_1599601545672{background-color: #1e73be !important;}&#8221;][vc_column_text css=&#8221;.vc_custom_1599601867020{padding-top: -3px !important;padding-right: -3px !important;padding-bottom: -3px !important;padding-left: -3px !important;}&#8221;]\r\n<p style=\"text-align: justify;\">\u0130nsan Haklar\u0131 E\u011fitimi A\u011f\u0131 (\u0130HEA) insan haklar\u0131 e\u011fitimi alan\u0131nda faaliyet g\u00f6steren sivil toplum \u00f6rg\u00fctlerinin ve akademik topluluklar\u0131n, T\u00fcrkiye\u2019de insan haklar\u0131 e\u011fitiminin bir insan hakk\u0131 olarak benimsenmesi, bu alan\u0131n g\u00fc\u00e7lenmesi ve iyile\u015ftirilmesi amac\u0131yla birlikte \u00e7al\u0131\u015fmas\u0131, etkinlikler ve ara\u015ft\u0131rmalar yapmas\u0131, i\u015fbirli\u011fini s\u00fcrekli k\u0131lmas\u0131 i\u00e7in olu\u015fturulmu\u015f bir sivil toplum a\u011f\u0131d\u0131r. Eyl\u00fcl 2013\u2019de kurulan A\u011f, son bir y\u0131ld\u0131r, \u0130nsan Haklar\u0131 Ortak Platformunun (\u0130HOP) kolayla\u015ft\u0131r\u0131c\u0131l\u0131\u011f\u0131nda, \u015fu \u00fcyelerle \u00e7al\u0131\u015fmalar\u0131na devam etmektedir: E\u011fitim Reformu Giri\u015fimi (ERG), \u0130nsan Haklar\u0131 Derne\u011fi (\u0130HD), \u0130HD \u0130nsan Haklar\u0131 Akademisi, \u0130nsan Haklar\u0131 Okulu (\u0130HO), \u0130nsan Haklar\u0131 Ortak Platformu, Kad\u0131n\u0131n \u0130nsan Haklar\u0131 Yeni \u00c7\u00f6z\u00fcmler Derne\u011fi (K\u0130H-Y\u00c7), KAMER Vakf\u0131, KAOS GL Derne\u011fi, Kocaeli Dayan\u0131\u015fma Akademisi (KODA), M\u00fclkiyeliler Birli\u011fi \u0130nsan Haklar\u0131 Merkezi, Sivil Toplumu Geli\u015ftirme Merkezi (STGM), Tarih Vakf\u0131, U\u00e7an S\u00fcp\u00fcrge Derne\u011fi ve Uluslararas\u0131 Af \u00d6rg\u00fct\u00fc T\u00fcrkiye \u015eubesi.<\/p>\r\n[\/vc_column_text]<\/div><\/div><div class=\"vc_column vc_custom_1599603750615 tdi_10_133  wpb_column vc_column_container tdc-column td-pb-span6\">\n<style scoped>\n\n\/* tdc_composer_block - inline css att *\/\n.vc_custom_1599603750615{background-color: #efefef !important;}\n\/* custom css *\/\n.tdi_10_133{\r\n                    vertical-align: baseline;\r\n                }.tdi_10_133 .wpb_wrapper,\r\n\t\t\t\t.tdi_10_133 .wpb_wrapper .tdc-elements{\r\n\t\t\t\t    display: block;\r\n\t\t\t\t}.tdi_10_133 .wpb_wrapper .tdc-elements{\r\n\t\t\t\t    width: 100%;\r\n\t\t\t\t}.tdi_10_133 .wpb_wrapper{\r\n\t\t\t\t    height: auto;\r\n\t\t\t\t}\n<\/style><div class=\"wpb_wrapper\">[vc_custom_heading text=&#8221;\u00dcYELERDEN HABERLER&#8221; font_container=&#8221;tag:h2|font_size:16|text_align:center|color:%23ffffff&#8221; use_theme_fonts=&#8221;yes&#8221; css=&#8221;.vc_custom_1599601972834{background-color: #1e73be !important;}&#8221; link=&#8221;url:http%3A%2F%2Fihea.net.tr%2Fportal%2Fcategory%2Fuyelerden-haberler%2F|||&#8221;][vc_column_text]\r\n<ul style=\"list-style-type: circle;\">\r\n \t<li><span style=\"color: #808080;\"><strong>08 Eyl\u00fcl-18 Eyl\u00fcl 2020 tarihleri aras\u0131nda ba\u015fvurular\u0131n\u0131z\u0131 bekliyoruz.<\/strong><\/span> <a href=\"http:\/\/insanhaklariokulu.org\">[\u0130HO-\u0130nsan Haklar\u0131 Okulu]\u00a0<\/a><\/li>\r\n \t<li><span style=\"color: #808080;\"><strong>E\u011fitim \u0130zleme Raporu 2020\u2019nin \u0130kinci Dosyas\u0131 E\u011fitimin \u0130\u00e7eri\u011fi Yay\u0131mlan\u0131yor.<\/strong><\/span> <a href=\"https:\/\/www.egitimreformugirisimi.org\/egitim-izleme-raporu-2020nin-ikinci-dosyasi-egitimin-icerigi-yayimlaniyor\/\" target=\"_blank\" rel=\"noopener noreferrer\">[ERG-E\u011fitim Reformu Giri\u015fimi]<\/a><\/li>\r\n \t<li><span style=\"color: #808080;\"><strong>\u0130nsan Haklar\u0131 Akademisi Ankara\u2019da ba\u015fl\u0131yor!<\/strong><\/span> <a href=\"https:\/\/www.ihd.org.tr\/insan-haklari-akademisi-ankarada-basliyor\/\" target=\"_blank\" rel=\"noopener noreferrer\">[\u0130HD-\u0130nsan Haklar\u0131 Derne\u011fi]<\/a><\/li>\r\n \t<li><span style=\"color: #808080;\"><strong>Ayr\u0131mc\u0131l\u0131\u011f\u0131n Y\u00fczleri<\/strong> <\/span><a href=\"https:\/\/ihop.org.tr\/yeni-kitap-ayrimciligin-yuzleri\/\" target=\"_blank\" rel=\"noopener noreferrer\">[\u0130HOP-\u0130nsan Haklar\u0131 Ortak Platformu]<\/a><\/li>\r\n \t<li><span style=\"color: #808080;\"><strong>E\u011fitim Verisi Okuryazarl\u0131\u011f\u0131 Yaz Okulu Ger\u00e7ekle\u015fti <\/strong><\/span><a href=\"https:\/\/www.egitimreformugirisimi.org\/egitim-verisi-okuryazarligi-yaz-okulu-gerceklesti\/\" target=\"_blank\" rel=\"noopener noreferrer\">[ERG-E\u011fitim Reformu Giri\u015fimi]<\/a><\/li>\r\n<\/ul>\r\n\u00dcyelerden haberleri g\u00f6rmek i\u00e7in l\u00fctfen t\u0131klay\u0131n\u0131z.[\/vc_column_text]<\/div><\/div><\/div><\/div>","protected":false},"excerpt":{"rendered":"[vc_column_text] AMA\u00c7LARIMIZ \u00a0\u0130HEA \u00dcYELER \u00a0ETK\u0130NL\u0130KER \u00a0YAYINLAR [\/vc_column_text] [vc_custom_heading text=\"HAKKIMIZDA\" font_container=\"tag:h2|font_size:16|text_align:center|color:%23ffffff\" use_theme_fonts=\"yes\" css=\".vc_custom_1599601545672{background-color: #1e73be !important;}\"][vc_column_text css=\".vc_custom_1599601867020{padding-top: -3px !important;padding-right: -3px !important;padding-bottom: -3px !important;padding-left: -3px !important;}\"] \u0130nsan Haklar\u0131 E\u011fitimi A\u011f\u0131 (\u0130HEA) insan haklar\u0131 e\u011fitimi alan\u0131nda faaliyet g\u00f6steren sivil toplum \u00f6rg\u00fctlerinin ve akademik topluluklar\u0131n, T\u00fcrkiye\u2019de insan haklar\u0131 e\u011fitiminin bir insan hakk\u0131 olarak benimsenmesi, bu alan\u0131n g\u00fc\u00e7lenmesi ve iyile\u015ftirilmesi amac\u0131yla [...]","protected":false},"author":1,"featured_media":0,"parent":0,"menu_order":0,"comment_status":"closed","ping_status":"closed","template":"","meta":{"tdm_status":"","tdm_grid_status":""},"_links":{"self":[{"href":"https:\/\/ihea.net.tr\/portal\/wp-json\/wp\/v2\/pages\/118"}],"collection":[{"href":"https:\/\/ihea.net.tr\/portal\/wp-json\/wp\/v2\/pages"}],"about":[{"href":"https:\/\/ihea.net.tr\/portal\/wp-json\/wp\/v2\/types\/page"}],"author":[{"embeddable":true,"href":"https:\/\/ihea.net.tr\/portal\/wp-json\/wp\/v2\/users\/1"}],"replies":[{"embeddable":true,"href":"https:\/\/ihea.net.tr\/portal\/wp-json\/wp\/v2\/comments?post=118"}],"version-history":[{"count":29,"href":"https:\/\/ihea.net.tr\/portal\/wp-json\/wp\/v2\/pages\/118\/revisions"}],"predecessor-version":[{"id":166,"href":"https:\/\/ihea.net.tr\/portal\/wp-json\/wp\/v2\/pages\/118\/revisions\/166"}],"wp:attachment":[{"href":"https:\/\/ihea.net.tr\/portal\/wp-json\/wp\/v2\/media?parent=118"}],"curies":[{"name":"wp","href":"https:\/\/api.w.org\/{rel}","templated":true}]}}